{"id":2,"date":"2016-10-04T02:59:05","date_gmt":"2016-10-04T05:59:05","guid":{"rendered":"http:\/\/adpocosdecaldas.com.br\/2016\/?page_id=2"},"modified":"2025-02-23T15:06:45","modified_gmt":"2025-02-23T18:06:45","slug":"o-campo-de-pocos","status":"publish","type":"page","link":"https:\/\/adpocosdecaldas.com.br\/portal\/o-campo-de-pocos\/","title":{"rendered":"O Campo de Po\u00e7os"},"content":{"rendered":"<p><img loading=\"lazy\" decoding=\"async\" class=\"alignleft wp-image-228 size-thumbnail\" src=\"http:\/\/adpocosdecaldas.com.br\/2016\/wp-content\/uploads\/2016\/10\/capa-adpocosdecaldas-150x150.jpg\" alt=\"capa-adpocosdecaldas\" width=\"150\" height=\"150\" srcset=\"https:\/\/adpocosdecaldas.com.br\/portal\/wp-content\/uploads\/2016\/10\/capa-adpocosdecaldas-150x150.jpg 150w, https:\/\/adpocosdecaldas.com.br\/portal\/wp-content\/uploads\/2016\/10\/capa-adpocosdecaldas-270x270.jpg 270w, https:\/\/adpocosdecaldas.com.br\/portal\/wp-content\/uploads\/2016\/10\/capa-adpocosdecaldas-230x230.jpg 230w\" sizes=\"auto, (max-width: 150px) 100vw, 150px\" \/><\/p>\n<p style=\"text-align: justify;\">A Igreja Evang\u00e9lica Assembleia de Deus Minist\u00e9rio de Madureira iniciou seu trabalho em Po\u00e7os de Caldas como uma Congrega\u00e7\u00e3o de Rudge Ramos, S\u00e3o Bernardo do Campo\/SP. Mais tarde, a AD Po\u00e7os de Caldas recebeu sua emancipa\u00e7\u00e3o, tornando-se um Campo.<\/p>\n<p style=\"text-align: justify;\">A principal marca da Assembleia de Deus \u00e9 o compromisso com a Palavra de Deus.\u00a0O Minist\u00e9rio de Madureira responde \u00e0 CONEMAD (Conven\u00e7\u00e3o Estadual dos Ministros Evang\u00e9licos das Assembleias de Deus &#8211; Minist\u00e9rio de Madureira) e \u00e0 <a href=\"http:\/\/www.madureiranacional.com.br\/\" target=\"_blank\" rel=\"noopener\">CONAMAD<\/a> (Conven\u00e7\u00e3o Nacional das Assembleias de Deus Madureira).<\/p>\n<p style=\"text-align: justify;\">Em todo o Campo, o trabalho \u00e9 desenvolvido por departamentos, quais sejam: <a href=\"http:\/\/adpocosdecaldas.com.br\/portal\/departamentos\/missoes\/\">Miss\u00f5es<\/a>,\u00a0<a href=\"http:\/\/adpocosdecaldas.com.br\/2016\/departamentos\/circulo-de-oracao\/\">C\u00edrculo de Ora\u00e7\u00e3o<\/a>, <a href=\"http:\/\/adpocosdecaldas.com.br\/2016\/departamentos\/mocidade\/\">Mocidade<\/a>, <a href=\"http:\/\/adpocosdecaldas.com.br\/2016\/departamentos\/ministerio-infantil\/\">Minist\u00e9rio Infantil<\/a>, <a href=\"http:\/\/adpocosdecaldas.com.br\/2016\/departamentos\/escola-biblica-dominical\/\">Escola B\u00edblica Dominical<\/a>, <a href=\"http:\/\/adpocosdecaldas.com.br\/2016\/departamentos\/orquestra\/\">Orquestra<\/a> e <a href=\"http:\/\/adpocosdecaldas.com.br\/2016\/departamentos\/coreografia\/\">Coreografia<\/a>.<\/p>\n<p style=\"text-align: justify;\">Al\u00e9m da <a href=\"http:\/\/adpocosdecaldas.com.br\/2016\/o-campo-de-pocos\/igreja-sede\/\">Igreja Sede,<\/a>\u00a0comp\u00f5em\u00a0o Campo de Po\u00e7os de Caldas\u00a0as\u00a0seguintes Congrega\u00e7\u00f5es:<\/p>\n<ul>\n<li style=\"text-align: justify;\">em <strong>Po\u00e7os de Caldas\/MG<\/strong> nos bairros: <a href=\"http:\/\/adpocosdecaldas.com.br\/2016\/o-campo-de-pocos\/congregacoes\/bortolan\/\">Bortolan<\/a>, <a href=\"http:\/\/adpocosdecaldas.com.br\/2016\/o-campo-de-pocos\/congregacoes\/cohab\/\">Conjunto Habitacional<\/a>, <a href=\"http:\/\/adpocosdecaldas.com.br\/2016\/o-campo-de-pocos\/congregacoes\/dom-bosco\/\">Dom Bosco<\/a>, <a href=\"http:\/\/adpocosdecaldas.com.br\/2016\/o-campo-de-pocos\/congregacoes\/jd-aeroporto\/\">Jd. Aeroporto<\/a>, <a href=\"http:\/\/adpocosdecaldas.com.br\/2016\/o-campo-de-pocos\/congregacoes\/jd-daniele\/\">Jd. Daniele<\/a>, <a href=\"http:\/\/adpocosdecaldas.com.br\/2016\/o-campo-de-pocos\/congregacoes\/jd-ipe\/\">Jd. Ip\u00ea<\/a>, <a href=\"http:\/\/adpocosdecaldas.com.br\/2016\/o-campo-de-pocos\/congregacoes\/jd-itamaraty-v\/\">Jd. Itamaraty V<\/a>, <a href=\"http:\/\/adpocosdecaldas.com.br\/2016\/o-campo-de-pocos\/congregacoes\/jd-kennedy-ii\/\">Jd. Kennedy II<\/a>, <a href=\"http:\/\/adpocosdecaldas.com.br\/2016\/o-campo-de-pocos\/congregacoes\/jd-paraiso\/\">Jd. Para\u00edso<\/a>, <a href=\"http:\/\/adpocosdecaldas.com.br\/2016\/o-campo-de-pocos\/congregacoes\/jd-philadelphia\/\">Jd. Philad\u00e9lphia<\/a>, <a href=\"http:\/\/adpocosdecaldas.com.br\/2016\/o-campo-de-pocos\/congregacoes\/pq-pinheiros\/\">Pq. Pinheiros<\/a>, <a href=\"http:\/\/adpocosdecaldas.com.br\/2016\/o-campo-de-pocos\/congregacoes\/pq-sao-sebastiao\/\">Pq. S\u00e3o Sebasti\u00e3o<\/a>, <a href=\"http:\/\/adpocosdecaldas.com.br\/portal\/o-campo-de-pocos\/congregacoes\/veredas\/\">Residencial Veredas<\/a>, <a href=\"https:\/\/portal.adpocosdecaldas.com.br\/santa-augusta\">Santa Augusta<\/a>, <a href=\"http:\/\/adpocosdecaldas.com.br\/2016\/o-campo-de-pocos\/congregacoes\/sao-jorge\/\">S\u00e3o Jorge<\/a>, <a href=\"http:\/\/adpocosdecaldas.com.br\/2016\/o-campo-de-pocos\/congregacoes\/sao-jose\/\">S\u00e3o Jos\u00e9<\/a> e <a href=\"http:\/\/adpocosdecaldas.com.br\/2016\/o-campo-de-pocos\/congregacoes\/vila-matilde\/\">Vila Matilde<\/a>.<\/li>\n<li style=\"text-align: justify;\">em <a href=\"http:\/\/adpocosdecaldas.com.br\/2016\/o-campo-de-pocos\/congregacoes\/bandeira-do-sul\/\"><strong>Bandeira do Sul\/MG<\/strong><\/a><\/li>\n<li style=\"text-align: justify;\">em <a href=\"http:\/\/adpocosdecaldas.com.br\/2016\/o-campo-de-pocos\/congregacoes\/botelhos\/\"><strong>Botelhos\/MG<\/strong><\/a><\/li>\n<li>em <a href=\"https:\/\/adpocosdecaldas.com.br\/portal\/terras-de-santo-antonio\/\"><strong>Caldas\/MG (Terras de Santo Ant\u00f4nio)<\/strong><\/a><\/li>\n<li style=\"text-align: justify;\">em <a href=\"http:\/\/adpocosdecaldas.com.br\/2016\/o-campo-de-pocos\/congregacoes\/cabo-verde\/\"><strong>Cabo Verde\/MG<\/strong><\/a><\/li>\n<li style=\"text-align: justify;\">em <a href=\"http:\/\/adpocosdecaldas.com.br\/2016\/o-campo-de-pocos\/congregacoes\/campestre\/\"><strong>Campestre\/MG<\/strong><\/a><\/li>\n<li style=\"text-align: justify;\">em <strong>Divinol\u00e2ndia\/SP<\/strong>: tr\u00eas Congrega\u00e7\u00f5es, uma no <a href=\"http:\/\/adpocosdecaldas.com.br\/2016\/o-campo-de-pocos\/congregacoes\/divinolandia\/\">centro da cidade<\/a>, uma no bairro <a href=\"http:\/\/adpocosdecaldas.com.br\/2016\/o-campo-de-pocos\/congregacoes\/ribeirao-do-santo-antonio\/\">Ribeir\u00e3o do Santo Ant\u00f4nio<\/a>\u00a0e uma no bairro <a href=\"http:\/\/contendas.adpocosdecaldas.com.br\/\">Contendas<\/a><\/li>\n<\/ul>\n<p style=\"text-align: center;\"><iframe loading=\"lazy\" style=\"border: 0;\" src=\"https:\/\/www.google.com\/maps\/embed?pb=!1m18!1m12!1m3!1d3704.734273231939!2d-46.554505686308566!3d-21.790543004467306!2m3!1f0!2f0!3f0!3m2!1i1024!2i768!4f13.1!3m3!1m2!1s0x94c9dd20fcf83b51%3A0x6ae08b99014b3aa8!2sAD+Po%C3%A7os+de+Caldas!5e0!3m2!1spt-BR!2sbr!4v1561062193539!5m2!1spt-BR!2sbr\" width=\"600\" height=\"450\" frameborder=\"0\" allowfullscreen=\"allowfullscreen\"><\/iframe><\/p>\n","protected":false},"excerpt":{"rendered":"<p>A Igreja Evang\u00e9lica Assembleia de Deus Minist\u00e9rio de Madureira iniciou seu trabalho em Po\u00e7os de Caldas como uma Congrega\u00e7\u00e3o de<\/p>\n","protected":false},"author":1,"featured_media":0,"parent":0,"menu_order":3,"comment_status":"closed","ping_status":"closed","template":"","meta":{"colormag_page_container_layout":"no_sidebar_full_width","colormag_page_sidebar_layout":"right_sidebar","footnotes":""},"class_list":["post-2","page","type-page","status-publish","hentry"],"_links":{"self":[{"href":"https:\/\/adpocosdecaldas.com.br\/portal\/wp-json\/wp\/v2\/pages\/2","targetHints":{"allow":["GET"]}}],"collection":[{"href":"https:\/\/adpocosdecaldas.com.br\/portal\/wp-json\/wp\/v2\/pages"}],"about":[{"href":"https:\/\/adpocosdecaldas.com.br\/portal\/wp-json\/wp\/v2\/types\/page"}],"author":[{"embeddable":true,"href":"https:\/\/adpocosdecaldas.com.br\/portal\/wp-json\/wp\/v2\/users\/1"}],"replies":[{"embeddable":true,"href":"https:\/\/adpocosdecaldas.com.br\/portal\/wp-json\/wp\/v2\/comments?post=2"}],"version-history":[{"count":50,"href":"https:\/\/adpocosdecaldas.com.br\/portal\/wp-json\/wp\/v2\/pages\/2\/revisions"}],"predecessor-version":[{"id":2271,"href":"https:\/\/adpocosdecaldas.com.br\/portal\/wp-json\/wp\/v2\/pages\/2\/revisions\/2271"}],"wp:attachment":[{"href":"https:\/\/adpocosdecaldas.com.br\/portal\/wp-json\/wp\/v2\/media?parent=2"}],"curies":[{"name":"wp","href":"https:\/\/api.w.org\/{rel}","templated":true}]}}