{"id":648,"date":"2016-12-19T16:13:00","date_gmt":"2016-12-19T19:13:00","guid":{"rendered":"http:\/\/adpocosdecaldas.com.br\/2016\/?page_id=648"},"modified":"2020-01-09T20:28:16","modified_gmt":"2020-01-09T23:28:16","slug":"pq-sao-sebastiao","status":"publish","type":"page","link":"https:\/\/adpocosdecaldas.com.br\/portal\/o-campo-de-pocos\/congregacoes\/pq-sao-sebastiao\/","title":{"rendered":"Pq. S\u00e3o Sebasti\u00e3o"},"content":{"rendered":"<h6 style=\"text-align: center;\">Dirigente:\u00a0Pastor Jo\u00e3o Lino<\/h6>\n<h6 style=\"text-align: center;\">Endere\u00e7o:<\/h6>\n<div class=\"clear-float\" style=\"\r\n    width:100%;\r\n    \">\r\n    <\/div>\r\n<div class=\"huge_it_google_map_container\">\r\n    <div id=\"huge_it_google_map_4838\" data-map_id=\"8\"\r\n         class=\"huge_it_google_map\" style=\"\r\n    position:relative !important;\r\n    height:450px;\r\n    width:100%;\r\n    border-radius:0px;\r\n    margin:0px auto;\"\r\n         data-name=\"Igreja Pq. S\u00e3o Sebasti\u00e3o\"\r\n         data-type=\"ROADMAP\"\r\n         data-zoom=\"17\"\r\n         data-min-zoom=\"0\"\r\n         data-max-zoom=\"22\"\r\n         data-locator-enabled=\"0\"\r\n         data-img-url        =\"https:\/\/adpocosdecaldas.com.br\/portal\/wp-content\/plugins\/google-maps\/assets\/images\/\"\r\n         data-border-radius=\"0\"\r\n         data-center-lat=\"-21.8567628\"\r\n         data-center-lng=\"-46.5679257\"\r\n         data-pan-controller=\"1\"\r\n         data-zoom-controller=\"1\"\r\n         data-type-controller=\"0\"\r\n         data-scale-controller=\"0\"\r\n         data-street-view-controller=\"1\"\r\n         data-overview-map-controller=\"1\"\r\n         data-width=\"100\"\r\n         data-height=\"450\"\r\n         data-align=\"center\"\r\n         data-info-type=\"click\"\r\n         data-open-infowindows-onload=\"0\"\r\n         data-animation=\"none\"\r\n         data-language=\"location based\"\r\n         data-draggable=\"1\"\r\n         data-wheel-scroll=\"1\"\r\n         data-traffic-layer=\"0\"\r\n         data-bike-layer=\"0\"\r\n         data-transit-layer=\"0\"\r\n         data-styling-hue=\"\"\r\n         data-styling-lightness=\"0\"\r\n         data-styling-gamma=\"1\"\r\n         data-styling-saturation=\"0\"><\/div>\r\n<\/div>\r\n\n<address style=\"text-align: center;\">Av. Fl\u00e1vio Carrilo, 240 &#8211;\u00a0Pq. S\u00e3o Sebasti\u00e3o<br \/>\nCEP: 37706-502<br \/>\nPo\u00e7os de Caldas\/MG<\/address>\n","protected":false},"excerpt":{"rendered":"<p>Dirigente:\u00a0Pastor Jo\u00e3o Lino Endere\u00e7o: Av. Fl\u00e1vio Carrilo, 240 &#8211;\u00a0Pq. S\u00e3o Sebasti\u00e3o CEP: 37706-502 Po\u00e7os de Caldas\/MG<\/p>\n","protected":false},"author":1,"featured_media":0,"parent":112,"menu_order":0,"comment_status":"closed","ping_status":"closed","template":"","meta":{"colormag_page_container_layout":"no_sidebar_full_width","colormag_page_sidebar_layout":"right_sidebar","footnotes":""},"class_list":["post-648","page","type-page","status-publish","hentry"],"_links":{"self":[{"href":"https:\/\/adpocosdecaldas.com.br\/portal\/wp-json\/wp\/v2\/pages\/648","targetHints":{"allow":["GET"]}}],"collection":[{"href":"https:\/\/adpocosdecaldas.com.br\/portal\/wp-json\/wp\/v2\/pages"}],"about":[{"href":"https:\/\/adpocosdecaldas.com.br\/portal\/wp-json\/wp\/v2\/types\/page"}],"author":[{"embeddable":true,"href":"https:\/\/adpocosdecaldas.com.br\/portal\/wp-json\/wp\/v2\/users\/1"}],"replies":[{"embeddable":true,"href":"https:\/\/adpocosdecaldas.com.br\/portal\/wp-json\/wp\/v2\/comments?post=648"}],"version-history":[{"count":7,"href":"https:\/\/adpocosdecaldas.com.br\/portal\/wp-json\/wp\/v2\/pages\/648\/revisions"}],"predecessor-version":[{"id":2140,"href":"https:\/\/adpocosdecaldas.com.br\/portal\/wp-json\/wp\/v2\/pages\/648\/revisions\/2140"}],"up":[{"embeddable":true,"href":"https:\/\/adpocosdecaldas.com.br\/portal\/wp-json\/wp\/v2\/pages\/112"}],"wp:attachment":[{"href":"https:\/\/adpocosdecaldas.com.br\/portal\/wp-json\/wp\/v2\/media?parent=648"}],"curies":[{"name":"wp","href":"https:\/\/api.w.org\/{rel}","templated":true}]}}